{"id":10974,"date":"2024-06-27T09:36:05","date_gmt":"2024-06-27T07:36:05","guid":{"rendered":"https:\/\/www.vonameland.de\/?page_id=10974"},"modified":"2025-07-01T19:03:32","modified_gmt":"2025-07-01T17:03:32","slug":"team-orange","status":"publish","type":"page","link":"https:\/\/www.vonameland.de\/index.php\/die-ferienfreizeit-unser-sommertraum\/team-orange\/","title":{"rendered":"Team Orange"},"content":{"rendered":"\n<p>Auf dieser Seite m\u00f6chten wir euch unser Team f\u00fcr den <strong>Sommer 2025 <\/strong>vorstellen. Wir sind \u00fcber viele Jahre und mittlerweile sogar Jahrzehnte zusammengewachsen und werden Jahr f\u00fcr Jahr gr\u00f6\u00dfer und vielf\u00e4ltiger. Wir sind stolz darauf, dass wir so viele ehemalige Teilnehmer:innen und so viele langj\u00e4hrig aktive Leiter:innen in unseren Reihen haben. Wir stecken nicht nur viel Herzblut in die Organisation und Planung der Freizeit, sondern wir absolvieren auch regelm\u00e4\u00dfig Erste-Hilfe-Kurse und Pr\u00e4ventionsschulungen. Au\u00dferdem besuchen wir p\u00e4dagogische Schulungen und sind Rettungsschwimmer.<\/p>\n\n\n\n<p>Jetzt aber zu unserer Vorstellung: Beginnen wir mit&#8230;<\/p>\n\n\n\n<div class=\"wp-block-columns is-layout-flex wp-container-core-columns-is-layout-9d6595d7 wp-block-columns-is-layout-flex\">\n<div class=\"wp-block-column is-layout-flow wp-block-column-is-layout-flow\">\n<p><strong>JAN<\/strong><\/p>\n\n\n\n<p>Alter: 43<br>Dabei seit: 2009<br>Superkraft: Nichts anbrennen lassen<\/p>\n\n\n\n<p>\u00dcber Jan haben wir 2,3,7 Sachen zu sagen. Er ist der Gr\u00fcndervater der Freizeit, seit \u00fcber 15 Jahren mit dabei und trotzdem 18 Jahre j\u00fcnger als Krutti. Wenn man Jan fragt, was unser Lager so besonders macht, dann faselt er routiniert von 46 K\u00fchlschr\u00e4nken, einer 2 km langen Pizzastra\u00dfe, unserem 40 Tonner, den 98 Materialkisten und unseren super praktischen, jedem Sturm trotzenden Pavillons. Am liebsten w\u00fcrde Jan jeden Sommer vier Wochen auf der Insel verbringen* und das, obwohl er derjenige ist, der f\u00fcr die offiziellen Ansprachen und Elternanrufe zust\u00e4ndig ist. Weitere Spitznamen von Jan sind Pudding Paul, Admiral Schneider, Teflon, Janni, der Chef vom Dienst und Jaaahaaan.<\/p>\n\n\n\n<p>Jan bringt nichts aus der Ruhe. Er reagiert in allen Situationen n\u00fcchtern und fokussiert. Diese Stringenz versucht er regelm\u00e4\u00dfig in seiner Fr\u00fchsport-Morgenrunde in Bundeswehr-Manier an unsere Teilnehmer:innen weiterzugeben. Um gegen dieses einseitige Image anzuarbeiten, hat er es auch mal mit einer Space-Taxi-Parodie versucht, aber diesen Passus ersparen wir euch lieber.<\/p>\n\n\n\n<p>*bei Interesse melden unter: 0171 8705375<\/p>\n<\/div>\n\n\n\n<div class=\"wp-block-column is-layout-flow wp-block-column-is-layout-flow\">\n<figure class=\"wp-block-image size-large\"><img loading=\"lazy\" decoding=\"async\" width=\"768\" height=\"1024\" src=\"https:\/\/www.vonameland.de\/wp-content\/uploads\/2024\/03\/IMG_6969-768x1024.jpg\" alt=\"\" class=\"wp-image-11641\" srcset=\"https:\/\/www.vonameland.de\/wp-content\/uploads\/2024\/03\/IMG_6969-768x1024.jpg 768w, https:\/\/www.vonameland.de\/wp-content\/uploads\/2024\/03\/IMG_6969-225x300.jpg 225w, https:\/\/www.vonameland.de\/wp-content\/uploads\/2024\/03\/IMG_6969-570x760.jpg 570w, https:\/\/www.vonameland.de\/wp-content\/uploads\/2024\/03\/IMG_6969.jpg 900w\" sizes=\"auto, (max-width: 768px) 100vw, 768px\" \/><\/figure>\n<\/div>\n<\/div>\n\n\n\n<div class=\"wp-block-columns is-layout-flex wp-container-core-columns-is-layout-9d6595d7 wp-block-columns-is-layout-flex\">\n<div class=\"wp-block-column is-layout-flow wp-block-column-is-layout-flow\">\n<figure class=\"wp-block-image size-large\"><img loading=\"lazy\" decoding=\"async\" width=\"768\" height=\"1024\" src=\"https:\/\/www.vonameland.de\/wp-content\/uploads\/2024\/03\/IMG_6919-768x1024.jpg\" alt=\"\" class=\"wp-image-11645\" srcset=\"https:\/\/www.vonameland.de\/wp-content\/uploads\/2024\/03\/IMG_6919-768x1024.jpg 768w, https:\/\/www.vonameland.de\/wp-content\/uploads\/2024\/03\/IMG_6919-225x300.jpg 225w, https:\/\/www.vonameland.de\/wp-content\/uploads\/2024\/03\/IMG_6919-570x760.jpg 570w, https:\/\/www.vonameland.de\/wp-content\/uploads\/2024\/03\/IMG_6919.jpg 900w\" sizes=\"auto, (max-width: 768px) 100vw, 768px\" \/><\/figure>\n<\/div>\n\n\n\n<div class=\"wp-block-column is-layout-flow wp-block-column-is-layout-flow\">\n<p><strong>CAJA<\/strong><\/p>\n\n\n\n<p>Alter: 29<br>Dabei seit: 2009 als Kind, seit 2011 als Leiterin<br>Superkr\u00e4fte: Blogbeitr\u00e4ge schreiben<\/p>\n\n\n\n<p>Caja ist der Sonnenschein, der unsere Freizeit bereits seit 2009 begleitet. Die j\u00fcngste Leiterin begeisterte bereits im Jahr 2011 als kreativer Kopf das Team Orange und ist seitdem nicht mehr wegzudenken. Sie hat stets die Balance zwischen dem angebrachten Ma\u00df an Lockerheit und dem professionellen Auftreten, was sie zur gro\u00dfen Schwester des gesamten Teams macht. Man mag es kaum glauben, doch aus der Boere Zwaluw h\u00f6rt man manchmal noch heute Geschichten \u00fcber ein chaotisches kleines K\u00e4mmerlein, an denen auch Caja nicht ganz unbeteiligt gewesen sein soll. Wenn W\u00e4nde reden k\u00f6nnten\u2026 <br>Unsere Caja ist zudem verantwortlich f\u00fcr das Design unserer Ferienfreizeit. Dies betrifft nicht nur jedes der absolut notwendigen Schilder, sondern auch unsere Website. Mit hochgestecktem Dutt und strengem Blick hat sie schon viele Stunden auf der Insel am Laptop verbracht. Nur so war es m\u00f6glich, Tage, die nicht in Worte zu fassen sind, in Blogbeitr\u00e4ge zu bringen, die dem heimischen Leser zumindest einen Hauch von Sommertraum in das beschauliche Werl bringen. Wie ihr merkt: Caja hat immer alles unter Kontrolle. Nicht nur die \u00d6ffentlichkeitsarbeit, sondern auch die Flechtfrisuren unserer M\u00e4dels.&nbsp;Danke!<\/p>\n<\/div>\n<\/div>\n\n\n\n<div class=\"wp-block-columns is-layout-flex wp-container-core-columns-is-layout-9d6595d7 wp-block-columns-is-layout-flex\">\n<div class=\"wp-block-column is-layout-flow wp-block-column-is-layout-flow\">\n<p><strong>MARIA<\/strong><\/p>\n\n\n\n<p>Alter: 26<br>Dabei seit: 2009, 2011-2014 als Kind, seit 2015 als Leiterin<br>Superkraft: Lagertanz tanzen<\/p>\n\n\n\n<p>Wir alle durften auf Ameland eine gro\u00dfe Spannweite an Facetten von Maria kennenlernen. In ihren Jahren als Teilnehmerin geh\u00f6rte sie zur Gruppe der <em>Beauties<\/em>, was harmloser klingt als es in Wirklichkeit war. Maria wusste, wie sie das Team Orange herausfordern und auch Patenonkel Jan auf der Nase herumtanzen konnte. Nach ihrer Aufnahme in die Leiterrunde mutierte sie, vermutlich auch durch den Einfluss der Kammer des Schreckens, zu Malti-Maria. Sie wurde zur pers\u00f6nlichen Krankenschwester von 66 Kindern und war mit den Maltesern bereits nach wenigen Tagen per du. Nach ihrem Exkurs in die Pflege zog es die verkannte <em>Beauty<\/em> aus Castrop-Rauxel (Gibt\u2019s das \u00fcberhaupt?) wieder auf die gro\u00dfen B\u00fchnen der Insel. Sie performte j\u00e4hrlich den Lagertanz in Ameland-Orangenen Birkenstocks und wurde von den begeisterten Teilnehmer:innen zu ihrer neuen Lieblingshobbygruppe \u201cLagertanz \u00fcben\u201d gezwungen. Gott sei Dank hat sie auch selbst gro\u00dfe Freude am Tanzen. Seit neuestem zeigt Maria uns auch ihre Influencerinnen-Seite, denn sie ist fester Bestandteil unseres Instagram-Trios. So findet man sie in den Mittagspausen h\u00e4ufig Kaffee schl\u00fcrfend -nat\u00fcrlich mit Milchschaumherz &#8211; beim Erstellen neuer Beitr\u00e4ge, um euch zuhause auf dem Laufenden zu halten.<\/p>\n<\/div>\n\n\n\n<div class=\"wp-block-column is-layout-flow wp-block-column-is-layout-flow\">\n<figure class=\"wp-block-image size-large\"><img loading=\"lazy\" decoding=\"async\" width=\"768\" height=\"1024\" src=\"https:\/\/www.vonameland.de\/wp-content\/uploads\/2024\/03\/IMG_6928-768x1024.jpg\" alt=\"\" class=\"wp-image-11644\" srcset=\"https:\/\/www.vonameland.de\/wp-content\/uploads\/2024\/03\/IMG_6928-768x1024.jpg 768w, https:\/\/www.vonameland.de\/wp-content\/uploads\/2024\/03\/IMG_6928-225x300.jpg 225w, https:\/\/www.vonameland.de\/wp-content\/uploads\/2024\/03\/IMG_6928-570x760.jpg 570w, https:\/\/www.vonameland.de\/wp-content\/uploads\/2024\/03\/IMG_6928.jpg 900w\" sizes=\"auto, (max-width: 768px) 100vw, 768px\" \/><\/figure>\n<\/div>\n<\/div>\n\n\n\n<div class=\"wp-block-columns is-layout-flex wp-container-core-columns-is-layout-9d6595d7 wp-block-columns-is-layout-flex\">\n<div class=\"wp-block-column is-layout-flow wp-block-column-is-layout-flow\">\n<figure class=\"wp-block-image size-large\"><img loading=\"lazy\" decoding=\"async\" width=\"768\" height=\"1024\" src=\"https:\/\/www.vonameland.de\/wp-content\/uploads\/2024\/03\/IMG_6957-768x1024.jpg\" alt=\"\" class=\"wp-image-11640\" srcset=\"https:\/\/www.vonameland.de\/wp-content\/uploads\/2024\/03\/IMG_6957-768x1024.jpg 768w, https:\/\/www.vonameland.de\/wp-content\/uploads\/2024\/03\/IMG_6957-225x300.jpg 225w, https:\/\/www.vonameland.de\/wp-content\/uploads\/2024\/03\/IMG_6957-570x760.jpg 570w, https:\/\/www.vonameland.de\/wp-content\/uploads\/2024\/03\/IMG_6957.jpg 900w\" sizes=\"auto, (max-width: 768px) 100vw, 768px\" \/><\/figure>\n<\/div>\n\n\n\n<div class=\"wp-block-column is-layout-flow wp-block-column-is-layout-flow\">\n<p><strong>PAULA<\/strong><\/p>\n\n\n\n<p>Alter: 24<br>Dabei seit: 2013 als Kind, seit 2017 als Leiterin<br>Superkraft: Vorbild sein<\/p>\n\n\n\n<p>Paula ist bekannt daf\u00fcr, immer die richtigen Worte zu finden. Es ist v\u00f6llig egal, ob sie dabei auf einer B\u00fchne sitzt und als Heidi Klum Auftritte bewertet oder dem Soester Anzeiger Artikel in Perfektion verfasst. Auch als Friseurin hat sie ein gro\u00dfes Talent ihre kleinen G\u00e4ste beim Flechten des Zopfes mit den richtigen Worten aufzubauen, zu unterhalten oder ihnen ein offenes Ohr zu schenken. Man merkt schon, dass sie mehr Talente hat, als die Protagonistin der \u201cConni-B\u00fccher\u201d. In ihrer eigenen \u201eMit Paula\u201c-Reihe ist sie stets unser bestes Beispiel und pr\u00e4sentiert die richtig gepackte Strandtasche oder die Regeln beim Fahrrad fahren. Unsere Paula ist sich einfach f\u00fcr nichts zu schade und opfert sich gern f\u00fcr alle auf. Sie ist abends lange wach und sitzt morgens trotzdem gut gelaunt am Fr\u00fchst\u00fcckstisch mit ihrer viel zu gesunden M\u00fcslisch\u00fcssel. Au\u00dferdem ist Paula neben Kathi eine der beiden Ansprechpartnerinnen unserer Sponsoren, was uns vieles von dem erm\u00f6glicht, was wir in unseren zwei Wochen geplant haben.<strong>&nbsp;Jeder braucht eine Paula!<\/strong><\/p>\n<\/div>\n<\/div>\n\n\n\n<div class=\"wp-block-columns is-layout-flex wp-container-core-columns-is-layout-9d6595d7 wp-block-columns-is-layout-flex\">\n<div class=\"wp-block-column is-layout-flow wp-block-column-is-layout-flow\">\n<p><strong>FINN<\/strong><\/p>\n\n\n\n<p>Alter: 25<br>Dabei seit: 2009, 2012-2015 als Kind, seit 2016 als Leiter<br>Superkraft: Immer bereit!<\/p>\n\n\n\n<p>Finnschu tauscht seine blaue Uniform im Sommerurlaub regelm\u00e4\u00dfig gegen die Orangene. In Finns speziellem Fall ist diese jedoch sein zum Tank Top optimiertes, orangenes Muskelshirt. Aufgrund seines anstrengenden Jobs als Putzbeauftragter braucht Finn sehr viel Schlaf. Dieses Thema ist jedoch ein etwas komplexeres. Finn ist passionierter Langschl\u00e4fer, was die Morgenrunden, die er vorbereitet hat, oftmals etwas erschwert. Ihn aufzuwecken gestaltet sich dann als Ding der Unm\u00f6glichkeit. Passend zu Finns Lieblingsthema \u201eSchlaf\u201c ist seine Hobbygruppe: \u201eTraumf\u00e4nger basteln\u201c.<\/p>\n\n\n\n<p>Ist er ausgeschlafen, ist Finn allzeit bereit oder sieht zumindest so aus. Egal ob Hausbau, Apfelmus-Wettessen oder auch eine Fahrt \u00fcber Gelsenkirchen nach Hause machen ihm nichts aus. Finn ist der \u00e4lteste von (angeblich) drei Geschwistern. Er kann sich also durchaus behaupten \u2013 dennoch hat er in Klara seine Endgegnerin gefunden.&nbsp;<\/p>\n<\/div>\n\n\n\n<div class=\"wp-block-column is-layout-flow wp-block-column-is-layout-flow\">\n<figure class=\"wp-block-image size-large\"><img loading=\"lazy\" decoding=\"async\" width=\"768\" height=\"1024\" src=\"https:\/\/www.vonameland.de\/wp-content\/uploads\/2024\/03\/IMG_7066-768x1024.jpg\" alt=\"\" class=\"wp-image-11646\" srcset=\"https:\/\/www.vonameland.de\/wp-content\/uploads\/2024\/03\/IMG_7066-768x1024.jpg 768w, https:\/\/www.vonameland.de\/wp-content\/uploads\/2024\/03\/IMG_7066-225x300.jpg 225w, https:\/\/www.vonameland.de\/wp-content\/uploads\/2024\/03\/IMG_7066-570x760.jpg 570w, https:\/\/www.vonameland.de\/wp-content\/uploads\/2024\/03\/IMG_7066.jpg 900w\" sizes=\"auto, (max-width: 768px) 100vw, 768px\" \/><\/figure>\n<\/div>\n<\/div>\n\n\n\n<div class=\"wp-block-media-text is-stacked-on-mobile\"><figure class=\"wp-block-media-text__media\"><img loading=\"lazy\" decoding=\"async\" width=\"768\" height=\"1024\" src=\"https:\/\/www.vonameland.de\/wp-content\/uploads\/2025\/02\/IMG_1473-768x1024.jpeg\" alt=\"\" class=\"wp-image-12252 size-full\" srcset=\"https:\/\/www.vonameland.de\/wp-content\/uploads\/2025\/02\/IMG_1473-768x1024.jpeg 768w, https:\/\/www.vonameland.de\/wp-content\/uploads\/2025\/02\/IMG_1473-225x300.jpeg 225w, https:\/\/www.vonameland.de\/wp-content\/uploads\/2025\/02\/IMG_1473-570x760.jpeg 570w, https:\/\/www.vonameland.de\/wp-content\/uploads\/2025\/02\/IMG_1473.jpeg 900w\" sizes=\"auto, (max-width: 768px) 100vw, 768px\" \/><\/figure><div class=\"wp-block-media-text__content\">\n<p><strong>PILLE<\/strong><\/p>\n\n\n\n<p>Alter: 40<br>Dabei seit 2015 als Leiter(in)??<br>Superkraft: Kaffee kochen<\/p>\n\n\n\n<p>Pille ist das m\u00e4nnlichste Mitglied unserer M\u00e4delscrew und die Gewinnerin der letzten und n\u00e4chsten Staffel von&nbsp;<em>Amelands Next Topmodel.&nbsp;<\/em>Sein unerm\u00fcdlicher Einsatz beim Eintreiben der Wettschulden f\u00fchrt so manches Mitglied des Leitungsteams regelm\u00e4\u00dfig zur Verzweiflung. Dennoch ist diese Eigenschaft wahrscheinlich Pilles gr\u00f6\u00dfter Beitrag f\u00fcr die Gesellschaft\u2026 Sein Engagement bei der Feuerwehr mal ausgeklammert.<\/p>\n\n\n\n<p>Pille kennt kein au\u00dferdem kein Aufgeben und hat es nur so von unserem LKW-Fahrer zum Leiter geschafft \u2013 The Amelandian Dream. Als Kaffee-Beauftragter br\u00fcht Philipp sich liebend gerne in das Herz der Fr\u00fchaufsteher und der K\u00fcchenfeen. Aber Moment\u2026 Wer ist denn Philipp?!<\/p>\n<\/div><\/div>\n\n\n\n<div class=\"wp-block-columns is-layout-flex wp-container-core-columns-is-layout-9d6595d7 wp-block-columns-is-layout-flex\">\n<div class=\"wp-block-column is-layout-flow wp-block-column-is-layout-flow\">\n<p><strong>RUBEN<\/strong><\/p>\n\n\n\n<p>Alter: 21<br>Dabei seit: 2016-2018 als Kind, seit 2017 als Leiter<br>Superkraft: f\u00fcr nichts zu schade<\/p>\n\n\n\n<p>Mit Ruben ist das Leiterteam um einen Sanit\u00e4tsmarschall gewachsen. Erste Hilfe ist sein Steckenpferd und das nimmt er zum Gl\u00fcck auch sehr ernst. Hat Ruben seine Ernsthaftigkeit jedoch abgelegt, mutiert er schnell zum Klassenclown unseres Teams. Ruben ist f\u00fcr jeden Schabernack zu haben.<\/p>\n\n\n\n<p>Ruben ist au\u00dferdem etwas aufgedreht und wei\u00df oft nicht ganz wohin mit seiner Energie. Da kann es schonmal vorkommen, dass er mit Jonah \u00fcber die Wiese rennt, einen Schwarm M\u00f6wen in nicht vorhandener Kung-Fu-Manier von unserer Wiese fernh\u00e4lt oder uns so sehr \u00e4rgert, dass man das \u201eOch Rubeeen\u201c durch die ganze Unterkunft hallen h\u00f6rt.<\/p>\n\n\n\n<p>Ruben ist jedoch auch f\u00fcr jeden Mist zu haben: Sollte jemals der Sickerschacht \u00fcberlaufen, kann man auf ihn z\u00e4hlen. Dank Ruben haben alle im Team Orange ein eigenes, kleines Erste-Hilfe-Kit und einen Ansprechpartner, wenn medizinische Probleme das Wissen aus dem Erste-Hilfe-Kurs \u00fcbersteigen.<\/p>\n<\/div>\n\n\n\n<div class=\"wp-block-column is-layout-flow wp-block-column-is-layout-flow\">\n<figure class=\"wp-block-image size-large\"><img loading=\"lazy\" decoding=\"async\" width=\"768\" height=\"1024\" src=\"https:\/\/www.vonameland.de\/wp-content\/uploads\/2024\/03\/IMG_7035-768x1024.jpg\" alt=\"\" class=\"wp-image-11647\" srcset=\"https:\/\/www.vonameland.de\/wp-content\/uploads\/2024\/03\/IMG_7035-768x1024.jpg 768w, https:\/\/www.vonameland.de\/wp-content\/uploads\/2024\/03\/IMG_7035-225x300.jpg 225w, https:\/\/www.vonameland.de\/wp-content\/uploads\/2024\/03\/IMG_7035-570x760.jpg 570w, https:\/\/www.vonameland.de\/wp-content\/uploads\/2024\/03\/IMG_7035.jpg 900w\" sizes=\"auto, (max-width: 768px) 100vw, 768px\" \/><\/figure>\n<\/div>\n<\/div>\n\n\n\n<div class=\"wp-block-columns is-layout-flex wp-container-core-columns-is-layout-9d6595d7 wp-block-columns-is-layout-flex\">\n<div class=\"wp-block-column is-layout-flow wp-block-column-is-layout-flow\">\n<figure class=\"wp-block-image size-large\"><img loading=\"lazy\" decoding=\"async\" width=\"768\" height=\"1024\" src=\"https:\/\/www.vonameland.de\/wp-content\/uploads\/2024\/03\/IMG_6944-768x1024.jpg\" alt=\"\" class=\"wp-image-11648\" srcset=\"https:\/\/www.vonameland.de\/wp-content\/uploads\/2024\/03\/IMG_6944-768x1024.jpg 768w, https:\/\/www.vonameland.de\/wp-content\/uploads\/2024\/03\/IMG_6944-225x300.jpg 225w, https:\/\/www.vonameland.de\/wp-content\/uploads\/2024\/03\/IMG_6944-570x760.jpg 570w, https:\/\/www.vonameland.de\/wp-content\/uploads\/2024\/03\/IMG_6944.jpg 900w\" sizes=\"auto, (max-width: 768px) 100vw, 768px\" \/><\/figure>\n<\/div>\n\n\n\n<div class=\"wp-block-column is-layout-flow wp-block-column-is-layout-flow\">\n<p><strong>BELLA<\/strong><\/p>\n\n\n\n<p>Alter: 25<br>Dabei seit: 2021 als Leiterin<br>Superkraft: Kreativit\u00e4t<\/p>\n\n\n\n<p>Bella bereichert unser Team seit ein paar Jahren, gef\u00fchlt jedoch schon viel l\u00e4nger. Sie ist absoluter Volleyballprofi und besticht abseits des Platzes durch ihre Garderobe. Egal ob ausgefallenes Muster, Mondschuhe oder Arzthose \u2013 Bella kann es tragen. Auch Bella geh\u00f6rt in das Trio der Insta-Crew, wo sie ihre Kreativit\u00e4t frei ausleben kann. Sie ist immer ganz vorne mit dabei, wenn es um neue Ideen f\u00fcr die Ausgestaltung des Mottos oder viele andere kleine \u00dcberraschungen geht! Das reicht allerdings nicht, um die kreative Energie zu verlieren, weshalb sie auch in diversen Hobbygruppen als Bastelfee \u00fcberzeugt und immer eine L\u00f6sung f\u00fcr ein Problem findet.<br>Was sie sehr zum Leidwesen der anderen Leiter noch nicht gefunden hat, ist ihre Softshell-Jacke.<\/p>\n<\/div>\n<\/div>\n\n\n\n<div class=\"wp-block-columns is-layout-flex wp-container-core-columns-is-layout-9d6595d7 wp-block-columns-is-layout-flex\">\n<div class=\"wp-block-column is-layout-flow wp-block-column-is-layout-flow\">\n<p><strong>REN\u00c9<\/strong><\/p>\n\n\n\n<p>Alter: 40<br>Dabei seit: 2013 als Leiter<br>Superkraft: Sonnenbrand-einfangen<\/p>\n\n\n\n<p>Reeeeeeeeen\u00e9s Regel Nummer 1: Flip-Flops sind festes Schuhwerk. (Die Regel gilt allerdings ausdr\u00fccklich&nbsp;nur&nbsp;f\u00fcr ihn!) Auch sonst geht Ren\u00e9 immer auf Nummer sicher. Wahrscheinlich peilt er deshalb immer die letzte F\u00e4hre an und plant maximal drei Minuten Puffer zum Laden des E-Autos ein. Versucht man mit ihm dar\u00fcber zu reden, ist Ren\u00e9 sehr diskussionsfreudig setzt sich mit seiner Meinung gnadenlos durch. Ren\u00e9 geh\u00f6rt zur Sonnenanbeter-Fraktion und ist deshalb regelm\u00e4\u00dfig in Chucks oder besagten Flip-Flops und Dreiviertel-Hose auf dem Weg zum Strand, um sich einen Sonnenbrand zu holen. F\u00fcr Ren\u00e9 ist das Leitersuchspiel, wie das van Heeckeren f\u00fcr unsere K\u00fcchencrew. Er genie\u00dft es ganz offensichtlich und ist immer \u00e4u\u00dfert kreativ, was die Kost\u00fcmwahl angeht. Er \u00fcbernimmt auch sehr gerne die Nachtschicht und k\u00fcmmert sich somit um eine vorgezogene Endreinigung der Kinderzimmer, wenn ein Kind nicht genug von Birgits Sternemen\u00fc bekommen konnte.<\/p>\n<\/div>\n\n\n\n<div class=\"wp-block-column is-layout-flow wp-block-column-is-layout-flow\">\n<figure class=\"wp-block-image size-large\"><img loading=\"lazy\" decoding=\"async\" width=\"768\" height=\"1024\" src=\"https:\/\/www.vonameland.de\/wp-content\/uploads\/2024\/03\/IMG_7038-768x1024.jpg\" alt=\"\" class=\"wp-image-11649\" srcset=\"https:\/\/www.vonameland.de\/wp-content\/uploads\/2024\/03\/IMG_7038-768x1024.jpg 768w, https:\/\/www.vonameland.de\/wp-content\/uploads\/2024\/03\/IMG_7038-225x300.jpg 225w, https:\/\/www.vonameland.de\/wp-content\/uploads\/2024\/03\/IMG_7038-570x760.jpg 570w, https:\/\/www.vonameland.de\/wp-content\/uploads\/2024\/03\/IMG_7038.jpg 900w\" sizes=\"auto, (max-width: 768px) 100vw, 768px\" \/><\/figure>\n<\/div>\n<\/div>\n\n\n\n<div class=\"wp-block-columns is-layout-flex wp-container-core-columns-is-layout-9d6595d7 wp-block-columns-is-layout-flex\">\n<div class=\"wp-block-column is-layout-flow wp-block-column-is-layout-flow\"><\/div>\n<\/div>\n\n\n\n<div class=\"wp-block-columns is-layout-flex wp-container-core-columns-is-layout-9d6595d7 wp-block-columns-is-layout-flex\">\n<div class=\"wp-block-column is-layout-flow wp-block-column-is-layout-flow\">\n<figure class=\"wp-block-image size-large\"><img loading=\"lazy\" decoding=\"async\" width=\"768\" height=\"1024\" src=\"https:\/\/www.vonameland.de\/wp-content\/uploads\/2024\/03\/IMG_7043-768x1024.jpg\" alt=\"\" class=\"wp-image-11652\" srcset=\"https:\/\/www.vonameland.de\/wp-content\/uploads\/2024\/03\/IMG_7043-768x1024.jpg 768w, https:\/\/www.vonameland.de\/wp-content\/uploads\/2024\/03\/IMG_7043-225x300.jpg 225w, https:\/\/www.vonameland.de\/wp-content\/uploads\/2024\/03\/IMG_7043-570x760.jpg 570w, https:\/\/www.vonameland.de\/wp-content\/uploads\/2024\/03\/IMG_7043.jpg 900w\" sizes=\"auto, (max-width: 768px) 100vw, 768px\" \/><\/figure>\n<\/div>\n\n\n\n<div class=\"wp-block-column is-layout-flow wp-block-column-is-layout-flow\">\n<p><strong>KRUTTI<\/strong><\/p>\n\n\n\n<p>Alter: 27<br>Dabei seit: 2012-2014 als Kind, seit 2015 als Leiter<br>Superkraft: Logistik<\/p>\n\n\n\n<p>Wenn man nach den Kindern geht, dann stecken in Krutti 43 Jahre pure Weisheit, auch wenn es bisher erst 27 sind. Was kaum ein Teilnehmer wei\u00df, Krutti ist nur ein Spitzname. In Wirklichkeit hei\u00dft er Andr\u00e9 Cederic Krutmann. Trotz aller anderslautenden Ger\u00fcchten ist er auch der \u00e4ltere der beiden Krutmanns-J\u00e4uster. Kru ist unser Meister-Logistiker im Team und bel\u00e4dt mit einer Seelenruhe den LKW. Nur ein Satz l\u00e4sst ihn dabei die Haare raufen: \u201eIch habe hier noch eine Kiste aus der K\u00fcche.\u201c Mittlerweile sieht man seiner Frisur leider die ein oder andere Kiste an. Psst! Heikles Thema. Er schreckt auch vor der gro\u00dfen LKW-Zugmaschine nicht zur\u00fcck. Wenn auf Ameland die Stra\u00dfe zu Ende ist, wendet er mal eben selbst den 40t LKW. Eigentlich ein Bild f\u00fcr die G\u00f6tter, aber schade, dass Krutti eine ausgepr\u00e4gte Hassliebe f\u00fcr Fotos hat, was dazu f\u00fchrt, dass er sich immer fern vom Fototeam aufh\u00e4lt. In Krutti steckt ein waschechter Germanist, was er nur zu gerne jedem zu jeder Tages- oder Nachtzeit sp\u00fcren l\u00e4sst. Mittlerweile sind etliche Studienarbeiten der Orangen von ihm mit h\u00fcbschem rot versehen worden. Vielen Dank daf\u00fcr. Krachend isst er dabei zur Entspannung gerne Eisw\u00fcrfel.<\/p>\n\n\n\n<p>Unsere Unterkunft kennt er nur noch aus seiner Vergangenheit als Teilnehmer. Seit er im Team Orange ist, hat er \u00fcberall geschlafen: Im Zelt, Extern und im Bulli.<\/p>\n<\/div>\n<\/div>\n\n\n\n<div class=\"wp-block-columns is-layout-flex wp-container-core-columns-is-layout-9d6595d7 wp-block-columns-is-layout-flex\">\n<div class=\"wp-block-column is-layout-flow wp-block-column-is-layout-flow\">\n<p><strong>JONAH<\/strong><\/p>\n\n\n\n<p>Alter: 22<br>Dabei seit: 2013-2018 als Kind, seit 2019 als Leiter<br>Superkraft: dauerhaftes Monchichi-Grinsen<\/p>\n\n\n\n<p>Jonah ist staatlich gepr\u00fcftler Nachtdienstler und ist dennoch IMMER p\u00fcnktlich. Aber unser Jonah ist in gewisserweise auch das \u201eVorher-Bild\u201d eines Erziehungsratgebers. Er verliert zum Beispiel Schl\u00fcssel, zerst\u00f6rt gerne Porzellan und nimmt sein Bettzeug ohne Tasche mit (Bitte orientiert euch nicht an diesem Packverhalten). Auch nach 9 Jahren als Teilnehmer oder Leiter wusste er nicht, dass ein Bettbezug selbst mitgebracht werden muss. Danke an Anja, die ihm so geduldig beim Kofferpacken hilft!<\/p>\n\n\n\n<p>Der kleine Monchichi macht aber einfach alles f\u00fcr die Kinder. Niemand kann so lange mit den Kids Fu\u00dfball spielen oder ihnen einen so spektakul\u00e4ren und folgenreichen Schwertkampf liefern.&nbsp;Er f\u00e4ngt sich sogar eine Wasserbombe f\u00fcr das Lager ein. Frei nach dem Motto \u201eDas Gras ist gr\u00fcn und die Sonne scheint\u201c stapft er gl\u00fccklich in seinem Eisb\u00e4rkost\u00fcm durchs Leben und vers\u00fc\u00dft uns Tag und Nacht den Moment.<\/p>\n<\/div>\n\n\n\n<div class=\"wp-block-column is-layout-flow wp-block-column-is-layout-flow\">\n<figure class=\"wp-block-image size-large\"><img loading=\"lazy\" decoding=\"async\" width=\"768\" height=\"1024\" src=\"https:\/\/www.vonameland.de\/wp-content\/uploads\/2024\/03\/IMG_7056-768x1024.jpg\" alt=\"\" class=\"wp-image-11653\" srcset=\"https:\/\/www.vonameland.de\/wp-content\/uploads\/2024\/03\/IMG_7056-768x1024.jpg 768w, https:\/\/www.vonameland.de\/wp-content\/uploads\/2024\/03\/IMG_7056-225x300.jpg 225w, https:\/\/www.vonameland.de\/wp-content\/uploads\/2024\/03\/IMG_7056-570x760.jpg 570w, https:\/\/www.vonameland.de\/wp-content\/uploads\/2024\/03\/IMG_7056.jpg 900w\" sizes=\"auto, (max-width: 768px) 100vw, 768px\" \/><\/figure>\n<\/div>\n<\/div>\n\n\n\n<div class=\"wp-block-columns is-layout-flex wp-container-core-columns-is-layout-9d6595d7 wp-block-columns-is-layout-flex\">\n<div class=\"wp-block-column is-layout-flow wp-block-column-is-layout-flow\">\n<figure class=\"wp-block-image size-large\"><img loading=\"lazy\" decoding=\"async\" width=\"768\" height=\"1024\" src=\"https:\/\/www.vonameland.de\/wp-content\/uploads\/2024\/03\/IMG_7030-768x1024.jpg\" alt=\"\" class=\"wp-image-11659\" srcset=\"https:\/\/www.vonameland.de\/wp-content\/uploads\/2024\/03\/IMG_7030-768x1024.jpg 768w, https:\/\/www.vonameland.de\/wp-content\/uploads\/2024\/03\/IMG_7030-225x300.jpg 225w, https:\/\/www.vonameland.de\/wp-content\/uploads\/2024\/03\/IMG_7030-570x760.jpg 570w, https:\/\/www.vonameland.de\/wp-content\/uploads\/2024\/03\/IMG_7030.jpg 900w\" sizes=\"auto, (max-width: 768px) 100vw, 768px\" \/><\/figure>\n<\/div>\n\n\n\n<div class=\"wp-block-column is-layout-flow wp-block-column-is-layout-flow\">\n<p><strong>KIM<\/strong><\/p>\n\n\n\n<p>Alter: 27<br>Dabei seit: 2010-2013 als Kind, seit 2014 als Leiterin<br>Superkraft: visualisieren<\/p>\n\n\n\n<p>Kim ist unsere Deko-Queen. Nahezu alles, was ihr im Hintergrund unserer Bilder seht, wurde strengstens von Kim auf Amelandtauglichkeit gepr\u00fcft und monatelang vor ihrem inneren visuellen Auge entworfen. Man merkt schon hier: Kim wei\u00df, was sie will. Und das ist Lukas. Und dass unsere Pl\u00e4ne eingehalten werden. Und, dass das Lager ordentlich bleibt.<\/p>\n\n\n\n<p>Sie ist au\u00dferdem unsere ergotherapeutische Erg\u00e4nzung zu Ruben und somit nicht nur die Massagebeauftragte f\u00fcr uns alle, sondern auch Jonahs pers\u00f6nliche Knieexpertin. Manch ein Erste-Hilfe-Lehrer wacht heute noch schwei\u00dfgebadet auf und muss daran denken, wie er von Kim korrigiert wurde. Doch Kim trifft nicht nur jeden wunden Punkt, sondern auch jeden Ton. Sie ist die einzige, die in unseren Abendrunden wirklich mitsingen sollte, was unseren Hobbychor zum wahrscheinlich besten der Insel macht.&nbsp;Auch f\u00fcr den besten Late-Night-Snack der Insel ist Kim verantwortlich. Jedes Jahr versorgt sie das Leitungsteam mit den ber\u00fchmten Mauker W\u00fcrmern.Was noch zu sagen bleibt: Kein Ameland ohne IKEA-T\u00fcte. Kein Ameland ohne orangenen Koffer. Kein Ameland ohne Kim.<\/p>\n<\/div>\n<\/div>\n\n\n\n<div class=\"wp-block-columns is-layout-flex wp-container-core-columns-is-layout-9d6595d7 wp-block-columns-is-layout-flex\">\n<div class=\"wp-block-column is-layout-flow wp-block-column-is-layout-flow\">\n<p><strong>LUKAS<\/strong><\/p>\n\n\n\n<p>Alter: 30<br>Dabei seit: 2010 als Leiter<br>Superkraft: Die Balance zwischen Finanzen der Kinder und einem Zuckerschock einsch\u00e4tzen<\/p>\n\n\n\n<p>Lukas ist der beliebteste Leiter unserer Freizeit. Zumindest, wenn er in seinem Kioskh\u00e4uschen steht und das Taschengeld austeilt. Er ist au\u00dferdem der Einzige, der Kims Bettzeug perfekt einpacken und Stefan Raab auf die gro\u00dfen B\u00fchnen eines kleinen Eilandes holen kann.&nbsp;<\/p>\n\n\n\n<p>Lukas ist au\u00dferdem unser Hirn hinter den Gro\u00dfgruppenspielen. Ob in l\u00e4ssiger Space-Taxi-Shorts, buntem Vogelanzug oder Bundeswehrhose hat er es stets geschafft alle Kinder f\u00fcr eine Runde Brennball zu begeistern oder noch so komplizierte Spielregeln so oft zu erkl\u00e4ren, bis&nbsp;&nbsp;sie in allen Kinder- und Leiterhirnen angekommen sind. Aber sowas hinterl\u00e4sst selbstverst\u00e4ndlich Spuren. Ameland hat Lukas extrem altern lassen. W\u00e4hrend er jede unserer Unterk\u00fcnfte kennenlernte, wanderten seine Haare vom Kopf ins Gesicht.<\/p>\n\n\n\n<p>Unser Diplomat bewahrt immer einen k\u00fchlen Kopf und findet f\u00fcr alle Probleme eine L\u00f6sung. Anders als Ren\u00e9 ist Luki selten ohne K\u00e4ppi oder Strohhut anzutreffen, um den Kopf vor der Sonneneinstrahlung zu sch\u00fctzen.<\/p>\n<\/div>\n\n\n\n<div class=\"wp-block-column is-layout-flow wp-block-column-is-layout-flow\">\n<figure class=\"wp-block-image size-large\"><img loading=\"lazy\" decoding=\"async\" width=\"768\" height=\"1024\" src=\"https:\/\/www.vonameland.de\/wp-content\/uploads\/2024\/03\/IMG_7003-768x1024.jpg\" alt=\"\" class=\"wp-image-11657\" srcset=\"https:\/\/www.vonameland.de\/wp-content\/uploads\/2024\/03\/IMG_7003-768x1024.jpg 768w, https:\/\/www.vonameland.de\/wp-content\/uploads\/2024\/03\/IMG_7003-225x300.jpg 225w, https:\/\/www.vonameland.de\/wp-content\/uploads\/2024\/03\/IMG_7003-570x760.jpg 570w, https:\/\/www.vonameland.de\/wp-content\/uploads\/2024\/03\/IMG_7003.jpg 900w\" sizes=\"auto, (max-width: 768px) 100vw, 768px\" \/><\/figure>\n<\/div>\n<\/div>\n\n\n\n<div class=\"wp-block-columns is-layout-flex wp-container-core-columns-is-layout-9d6595d7 wp-block-columns-is-layout-flex\">\n<div class=\"wp-block-column is-layout-flow wp-block-column-is-layout-flow\">\n<figure class=\"wp-block-image size-large\"><img loading=\"lazy\" decoding=\"async\" width=\"768\" height=\"1024\" src=\"https:\/\/www.vonameland.de\/wp-content\/uploads\/2024\/03\/IMG_6951-768x1024.jpg\" alt=\"\" class=\"wp-image-11658\" srcset=\"https:\/\/www.vonameland.de\/wp-content\/uploads\/2024\/03\/IMG_6951-768x1024.jpg 768w, https:\/\/www.vonameland.de\/wp-content\/uploads\/2024\/03\/IMG_6951-225x300.jpg 225w, https:\/\/www.vonameland.de\/wp-content\/uploads\/2024\/03\/IMG_6951-570x760.jpg 570w, https:\/\/www.vonameland.de\/wp-content\/uploads\/2024\/03\/IMG_6951.jpg 900w\" sizes=\"auto, (max-width: 768px) 100vw, 768px\" \/><\/figure>\n<\/div>\n\n\n\n<div class=\"wp-block-column is-layout-flow wp-block-column-is-layout-flow\">\n<p><strong>FINJA<\/strong><\/p>\n\n\n\n<p>Alter: 19<br>Dabei seit: 2014-2019 als Kind, seit 2022 als Leiterin<br>Superkraft: \u00dcberraschende Talente<\/p>\n\n\n\n<p>Finja ist ein Mensch der Extreme. Sie konnte schon schwimmen bevor sie denken konnte. Seit ihrer Kindheit w\u00fcrde sie deswegen lieber auf die Insel schwimmen als mit der F\u00e4hre hin zu fahren. Das w\u00fcrde in ihrem Fall vermutlich auch schneller gehen. Das alles wissen wir aber nur, weil sie schon gef\u00fchlte 15 Jahre als Kind mitgefahren ist. An Finjas Handgelenk kann man die ganze Historie unserer Freizeit ablesen, denn sie hat aufgrund ihrer Erfahrung alle unsere Armb\u00e4nder parat. Neben ihrem Engagement als Hundefl\u00fcsterin verst\u00e4rkt Finja seit 2022 das Team Orange. Finja verst\u00e4rkt Ruben mittlerweile in unserem Sani-Team und steht bei jeglichen medizinischen Fragen Rede und Antwort. Finja ist auch f\u00fcr alles andere zu haben: Sie hat immer ein offenes Ohr, spannende L\u00f6sungsvorschl\u00e4ge f\u00fcr jedes Problem und falls spontan noch eine Einradk\u00fcnstlerin gesucht wird, ist man bei ihr nat\u00fcrlich auch an der richtigen Adresse.<\/p>\n<\/div>\n<\/div>\n\n\n\n<div class=\"wp-block-columns is-layout-flex wp-container-core-columns-is-layout-9d6595d7 wp-block-columns-is-layout-flex\">\n<div class=\"wp-block-column is-layout-flow wp-block-column-is-layout-flow\">\n<p><strong>FELIX<\/strong><\/p>\n\n\n\n<p>Alter: 23<br>Dabei seit: 2013-2016 als Kind, seit 2017 als Leiter<br>Superkraft: Gelassenheit<\/p>\n\n\n\n<p>Unser Felix oder auch Flixbus ist der Gem\u00fctliche der Runde. Er hat die Ruhe weg, auch wenn 66 Kinder und \u00fcber 20 Leiter:innen um ihn herum durchdrehen. Diese St\u00e4rke ist besonders gefragt, wenn sich das ein oder andere Zimmer einfach nicht an die Nachtruhe halten m\u00f6chte und auf den Fluren rumturnt. Als Trio mit Jonah und Ruben haben sie den Flur aber voll im Griff.<br>Flixis Herz schl\u00e4gt f\u00fcr Ameland und so begleitet er uns schon viele Jahre, vier Jahre Teilnehmer und noch mehr Jahre als Leiter.<\/p>\n\n\n\n<p>Was wir seit Tag 1 alle wissen, wenn wir an Felix denken: haltet blo\u00df die Erdn\u00fcsse von ihm fern!<\/p>\n<\/div>\n\n\n\n<div class=\"wp-block-column is-layout-flow wp-block-column-is-layout-flow\">\n<figure class=\"wp-block-image size-large\"><img loading=\"lazy\" decoding=\"async\" width=\"768\" height=\"1024\" src=\"https:\/\/www.vonameland.de\/wp-content\/uploads\/2024\/03\/IMG_7041-768x1024.jpg\" alt=\"\" class=\"wp-image-11655\" srcset=\"https:\/\/www.vonameland.de\/wp-content\/uploads\/2024\/03\/IMG_7041-768x1024.jpg 768w, https:\/\/www.vonameland.de\/wp-content\/uploads\/2024\/03\/IMG_7041-225x300.jpg 225w, https:\/\/www.vonameland.de\/wp-content\/uploads\/2024\/03\/IMG_7041-570x760.jpg 570w, https:\/\/www.vonameland.de\/wp-content\/uploads\/2024\/03\/IMG_7041.jpg 900w\" sizes=\"auto, (max-width: 768px) 100vw, 768px\" \/><\/figure>\n<\/div>\n<\/div>\n\n\n\n<div class=\"wp-block-columns is-layout-flex wp-container-core-columns-is-layout-9d6595d7 wp-block-columns-is-layout-flex\">\n<div class=\"wp-block-column is-layout-flow wp-block-column-is-layout-flow\">\n<figure class=\"wp-block-image size-large\"><img loading=\"lazy\" decoding=\"async\" width=\"768\" height=\"1024\" src=\"https:\/\/www.vonameland.de\/wp-content\/uploads\/2024\/03\/IMG_6900-768x1024.jpg\" alt=\"\" class=\"wp-image-11663\" srcset=\"https:\/\/www.vonameland.de\/wp-content\/uploads\/2024\/03\/IMG_6900-768x1024.jpg 768w, https:\/\/www.vonameland.de\/wp-content\/uploads\/2024\/03\/IMG_6900-225x300.jpg 225w, https:\/\/www.vonameland.de\/wp-content\/uploads\/2024\/03\/IMG_6900-570x760.jpg 570w, https:\/\/www.vonameland.de\/wp-content\/uploads\/2024\/03\/IMG_6900.jpg 900w\" sizes=\"auto, (max-width: 768px) 100vw, 768px\" \/><\/figure>\n<\/div>\n\n\n\n<div class=\"wp-block-column is-layout-flow wp-block-column-is-layout-flow\">\n<p><strong>DANA<\/strong><\/p>\n\n\n\n<p>Alter: 16<br>Dabei seit: 2017 als Kind, seit 2024 als Leiterin<br>Superkraft: Ehrlichkeit<\/p>\n\n\n\n<p>Dana ist auch schon gef\u00fchlt immer als Kind mitgefahren. Das schafft nat\u00fcrlich herausragendes Potenzial f\u00fcr unsere Spiel- und R\u00fcckblickskategorie \u201e<em>Aus Kindern werden Leute\u2026\u201c&nbsp;<\/em>Das wird klasse! Also\u2026 au\u00dfer f\u00fcr Dana.<br>Als junge Leiterin ist ihre Verbindung zu den Kindern herausragend und genau das ist es, was unser Team und auch unsere Kinder immer ben\u00f6tigen. In s\u00e4mtlichen Fragen rund um das gute oder schlechte Abschneiden der Programmpunkte bei den Teilnehmer:innen ist sie der menschgewordene Feedbackbogen und bereichert unsere Leiterrunde mit ihrer Erfahrung auf der anderen Seite der Essensausgabe.Dana versorgt das Leiterteam mit jeglichen Trends aus der Social-Media-Welt der Jugendlichen und nimmt au\u00dferdem kein Blatt vor den Mund. Wer also eine ehrliche R\u00fcckmeldung erwartet, ist bei Dana an der richtigen Adresse.<\/p>\n<\/div>\n<\/div>\n\n\n\n<div class=\"wp-block-columns is-layout-flex wp-container-core-columns-is-layout-9d6595d7 wp-block-columns-is-layout-flex\">\n<div class=\"wp-block-column is-layout-flow wp-block-column-is-layout-flow\">\n<p><strong>KILIAN<\/strong><\/p>\n\n\n\n<p>Alter: 31<br>Dabei seit: 2023<br>Superkraft: Handwerkliches<\/p>\n\n\n\n<p>Kilian ist gekommen, um zu bleiben. Naja fast. Im Amelandsommer 2023 ist er nur f\u00fcr wenige Tage nach Ameland gekommen, um seine Caja in den Arm zu nehmen, dem Team Orange kurz Hallo zu sagen, mit dem Fahrrad die Insel zu umrunden und nach wenigen Tagen wieder zur\u00fcckzufahren. So der Plan! Zumindest von der F\u00e4hre zum Lager hat er es mit dem Rad geschafft, dann haben die Teilnehmer sein Herz erobert und Kilian ihre Herzen. Er konnte gar nicht so schnell gucken, wie er ein Orangenshirt mit dem Zusatz \u201eLeiter auf Probe\u201c anhatte.<br>Nach dem Wochenende musste er leider wieder zur\u00fcck. Seine Abwesenheit sollte allerdings nicht von langer Dauer sein. W\u00e4hrend der R\u00fcckfahrt nach Werl beschloss er die sofortige R\u00fcckkehr nach Ameland und konnte spontan Urlaub einreichen \u2013 noch am selben Tag und einem kurzen Zwischenstopp zum Tasche packen, legte er in Rekordzeit die Strecke nach Ameland zur\u00fcck.Seitdem bereichert Kilian das Team mit seinem Tatendrang. Manchmal kann man seine Ideen gar nicht schnell genug aussprechen, Kilian hat sie schon umgesetzt. Sein st\u00e4ndiger Begleiter: der Werkzeugkoffer. Es gibt nichts, was nicht vor oder vorzugsweise auch w\u00e4hrend der Freizeit von Kilian handwerklich optimiert wurde.<\/p>\n<\/div>\n\n\n\n<div class=\"wp-block-column is-layout-flow wp-block-column-is-layout-flow\">\n<figure class=\"wp-block-image size-large\"><img loading=\"lazy\" decoding=\"async\" width=\"768\" height=\"1024\" src=\"https:\/\/www.vonameland.de\/wp-content\/uploads\/2024\/03\/IMG_7020-768x1024.jpg\" alt=\"\" class=\"wp-image-11664\" srcset=\"https:\/\/www.vonameland.de\/wp-content\/uploads\/2024\/03\/IMG_7020-768x1024.jpg 768w, https:\/\/www.vonameland.de\/wp-content\/uploads\/2024\/03\/IMG_7020-225x300.jpg 225w, https:\/\/www.vonameland.de\/wp-content\/uploads\/2024\/03\/IMG_7020-570x760.jpg 570w, https:\/\/www.vonameland.de\/wp-content\/uploads\/2024\/03\/IMG_7020.jpg 900w\" sizes=\"auto, (max-width: 768px) 100vw, 768px\" \/><\/figure>\n<\/div>\n<\/div>\n\n\n\n<div class=\"wp-block-columns is-layout-flex wp-container-core-columns-is-layout-9d6595d7 wp-block-columns-is-layout-flex\">\n<div class=\"wp-block-column is-layout-flow wp-block-column-is-layout-flow\">\n<figure class=\"wp-block-image size-large\"><img loading=\"lazy\" decoding=\"async\" width=\"768\" height=\"1024\" src=\"https:\/\/www.vonameland.de\/wp-content\/uploads\/2024\/03\/IMG_6940-768x1024.jpg\" alt=\"\" class=\"wp-image-11667\" srcset=\"https:\/\/www.vonameland.de\/wp-content\/uploads\/2024\/03\/IMG_6940-768x1024.jpg 768w, https:\/\/www.vonameland.de\/wp-content\/uploads\/2024\/03\/IMG_6940-225x300.jpg 225w, https:\/\/www.vonameland.de\/wp-content\/uploads\/2024\/03\/IMG_6940-570x760.jpg 570w, https:\/\/www.vonameland.de\/wp-content\/uploads\/2024\/03\/IMG_6940.jpg 900w\" sizes=\"auto, (max-width: 768px) 100vw, 768px\" \/><\/figure>\n<\/div>\n\n\n\n<div class=\"wp-block-column is-layout-flow wp-block-column-is-layout-flow\">\n<p><strong>JULIAN<\/strong><\/p>\n\n\n\n<p>Alter: 17<br>Dabei seit: 2022 als Kind, seit 2024 als Leiter<br>Superkraft: Abgekl\u00e4rter Tatendrang<\/p>\n\n\n\n<p>Julian hat trotz seiner jungen Jahre so manchen Flecken Erde gesehen, von denen wir nur tr\u00e4umen k\u00f6nnen. Auf einem Segelboot und mit einer Crew \u00fcberquerte er bereits das ein oder andere Gew\u00e4sser und hat dabei volles Engagement und Teamwork bewiesen, was er im Team Orange bestens einsetzen kann. Julian hat einen \u00e4hnlich stark ausgepr\u00e4gten Tatendrang wie Kilian und ist teilweise genauso gut \u00fcber TikTok-Trends informiert wie Dana. Das macht ihn zu einer bunt gemischten Wundert\u00fcte, aus welcher die teilweise zugegebenerma\u00dfen auch f\u00fcr uns zu verr\u00fcckten Ideen nur so heraussprudeln.<\/p>\n\n\n\n<p>Das Team der Gro\u00dfgruppenspiele verst\u00e4rkt er mit seinem Tatendrang und seinem guten \u00dcberblick beim Erkl\u00e4ren der Spielregeln also sehr gut.<\/p>\n<\/div>\n<\/div>\n\n\n\n<div class=\"wp-block-columns is-layout-flex wp-container-core-columns-is-layout-9d6595d7 wp-block-columns-is-layout-flex\">\n<div class=\"wp-block-column is-layout-flow wp-block-column-is-layout-flow\">\n<p><strong>JULIAN<\/strong><\/p>\n\n\n\n<p>Alter: 17<br>Dabei seit: 2017, 2019-2023, seit 2024 als Leiter<br>Superkraft: gute Laune<\/p>\n\n\n\n<p>Der j\u00fcngere, aber gr\u00f6\u00dfere Bruder von unserem Cookiemonster Simon ist in den letzten Jahren als Teilnehmer nur so in die H\u00f6he geschossen. Nachdem er nun an uns allen vorbeigezogen ist, durfte er die Seiten wechseln und vom Kind zum Leiter aufsteigen.<\/p>\n\n\n\n<p>Unser Mini-Kloidt hat bereits als Kind immer f\u00fcr gute Laune und Stimmung gesorgt. Seine Auftritte bei Amelands Next Topmodel sind legend\u00e4r und wir freuen uns, dass wir ihn nun im Team haben und er f\u00fcr uns antritt! Noch hat es kein direktes Duell zwischen Pille und Juli gegeben, aber vielleicht ist das auch besser so. Einen Sieger bzw. eine Siegerin k\u00f6nnte selbst die Team-Orange-Jury nicht k\u00fcren.<\/p>\n\n\n\n<p>Auch Juli hat immer ein offenes Ohr f\u00fcr jeden und genauso gute Problem-L\u00f6sungstrategien wie Finja. Die beiden sind schon l\u00e4ngst ein eingeschwei\u00dftes Team, wenn es um das Streitschlichten geht. Julians Geduldsfaden ist so lang, wie er gro\u00df ist. So schnell l\u00e4sst er sich nicht aus der Ruhe bringen.<\/p>\n<\/div>\n\n\n\n<div class=\"wp-block-column is-layout-flow wp-block-column-is-layout-flow\">\n<figure class=\"wp-block-image size-large\"><img loading=\"lazy\" decoding=\"async\" width=\"768\" height=\"1024\" src=\"https:\/\/www.vonameland.de\/wp-content\/uploads\/2025\/02\/IMG_1480-768x1024.jpeg\" alt=\"\" class=\"wp-image-12253\" srcset=\"https:\/\/www.vonameland.de\/wp-content\/uploads\/2025\/02\/IMG_1480-768x1024.jpeg 768w, https:\/\/www.vonameland.de\/wp-content\/uploads\/2025\/02\/IMG_1480-225x300.jpeg 225w, https:\/\/www.vonameland.de\/wp-content\/uploads\/2025\/02\/IMG_1480-570x760.jpeg 570w, https:\/\/www.vonameland.de\/wp-content\/uploads\/2025\/02\/IMG_1480.jpeg 900w\" sizes=\"auto, (max-width: 768px) 100vw, 768px\" \/><\/figure>\n<\/div>\n<\/div>\n\n\n\n<div class=\"wp-block-media-text is-stacked-on-mobile\"><figure class=\"wp-block-media-text__media\"><img loading=\"lazy\" decoding=\"async\" width=\"768\" height=\"1024\" src=\"https:\/\/www.vonameland.de\/wp-content\/uploads\/2025\/02\/IMG_1489-768x1024.jpeg\" alt=\"\" class=\"wp-image-12255 size-full\" srcset=\"https:\/\/www.vonameland.de\/wp-content\/uploads\/2025\/02\/IMG_1489-768x1024.jpeg 768w, https:\/\/www.vonameland.de\/wp-content\/uploads\/2025\/02\/IMG_1489-225x300.jpeg 225w, https:\/\/www.vonameland.de\/wp-content\/uploads\/2025\/02\/IMG_1489-570x760.jpeg 570w, https:\/\/www.vonameland.de\/wp-content\/uploads\/2025\/02\/IMG_1489.jpeg 900w\" sizes=\"auto, (max-width: 768px) 100vw, 768px\" \/><\/figure><div class=\"wp-block-media-text__content\">\n<p><strong>JAKOB<\/strong><\/p>\n\n\n\n<p>Alter: 16<br>Dabei seit: 2018 als Kind, seit 2025 als Neuleiter<br>Superkraft: Streitschlichten<\/p>\n\n\n\n<p>Jakob ist in diesem Jahr auf die andere Seite der Freizeit gewechselt. Als neues Mitglied im Team Orange kann er die Freizeit dieses Jahr von einer anderen Seite kennenlernen. Dass bei uns andere Schlafenszeiten gelten und das Team Orange seine Mitglieder etwas wasserbomben-einsatzbereiter weckt als die verschlafenden Kinder muss er wahrscheinlich noch lernen. Besonders perfide wird es, wenn er die Wasserbomben im Sommer selbst vorbereiten muss.<\/p>\n\n\n\n<p>Dass Jakob das Streitschlichter-Team rund um Finja und Juli gut erg\u00e4nzen wird, liegt daran, dass er mit 6 Geschwistern klarkommen muss.<\/p>\n<\/div><\/div>\n\n\n\n<div class=\"wp-block-media-text has-media-on-the-right is-stacked-on-mobile\"><div class=\"wp-block-media-text__content\">\n<p><strong>MORITZ<\/strong><\/p>\n\n\n\n<p>Alter: 16<br>Dabei seit: 2018 als Kind, seit 2025 als Neuleiter<br>Superkraft: Musik<\/p>\n\n\n\n<p>Auch Moritz f\u00e4hrt dieses Jahr das erste Mal im Team Orange mit uns nach Ameland. Davor ist er unz\u00e4hlige Male als Kind mitgefahren. Unser teameigener \u201eDJ Mo\u201c hat schon im zarten Alter von 10 Jahren die besten Hits bei den Lagerpartys aufgelegt.<strong>&nbsp;<\/strong>Au\u00dferdem ist Moritz zumindest bei den Gottesdiensten, die wir besuchen, auch Teil der musikalischen Begleitung. Sehr zur Freude des Pastoralteams unterst\u00fctzt er mit seinem Cajon die beste Band von Ameland.<strong>&nbsp;<\/strong>Moritz hat unsere Freizeit als Regisseur schon eingefangen und kann Jule und Caja an der Kamera als Videograph der Freizeit bestens unterst\u00fctzen.<\/p>\n\n\n\n<p>Auch f\u00fcr das diesj\u00e4hrige Motto war Mo schnell zu begeistern, warum genau werden wir hier aber noch nicht verraten!<\/p>\n<\/div><figure class=\"wp-block-media-text__media\"><img loading=\"lazy\" decoding=\"async\" width=\"768\" height=\"1024\" src=\"https:\/\/www.vonameland.de\/wp-content\/uploads\/2025\/02\/IMG_1491-768x1024.jpeg\" alt=\"\" class=\"wp-image-12254 size-full\" srcset=\"https:\/\/www.vonameland.de\/wp-content\/uploads\/2025\/02\/IMG_1491-768x1024.jpeg 768w, https:\/\/www.vonameland.de\/wp-content\/uploads\/2025\/02\/IMG_1491-225x300.jpeg 225w, https:\/\/www.vonameland.de\/wp-content\/uploads\/2025\/02\/IMG_1491-570x760.jpeg 570w, https:\/\/www.vonameland.de\/wp-content\/uploads\/2025\/02\/IMG_1491.jpeg 900w\" sizes=\"auto, (max-width: 768px) 100vw, 768px\" \/><\/figure><\/div>\n\n\n\n<h2 class=\"wp-block-heading\"><strong>K\u00fcchenfeen und Cookiemonster<\/strong><\/h2>\n\n\n\n<p>Zu unserem Team geh\u00f6rt auch unsere K\u00fcchencrew. Sie haben eine \u00fcbergeordnete Rolle, denn wer etwas zu Essen bekommen m\u00f6chte, sollte immer daran denken: die K\u00fcche ist heilig!<\/p>\n\n\n\n<div class=\"wp-block-columns is-layout-flex wp-container-core-columns-is-layout-9d6595d7 wp-block-columns-is-layout-flex\">\n<div class=\"wp-block-column is-layout-flow wp-block-column-is-layout-flow\">\n<figure class=\"wp-block-image size-large\"><img loading=\"lazy\" decoding=\"async\" width=\"768\" height=\"1024\" src=\"https:\/\/www.vonameland.de\/wp-content\/uploads\/2024\/03\/IMG_6996-768x1024.jpg\" alt=\"\" class=\"wp-image-11660\" srcset=\"https:\/\/www.vonameland.de\/wp-content\/uploads\/2024\/03\/IMG_6996-768x1024.jpg 768w, https:\/\/www.vonameland.de\/wp-content\/uploads\/2024\/03\/IMG_6996-225x300.jpg 225w, https:\/\/www.vonameland.de\/wp-content\/uploads\/2024\/03\/IMG_6996-570x760.jpg 570w, https:\/\/www.vonameland.de\/wp-content\/uploads\/2024\/03\/IMG_6996.jpg 900w\" sizes=\"auto, (max-width: 768px) 100vw, 768px\" \/><\/figure>\n<\/div>\n\n\n\n<div class=\"wp-block-column is-layout-flow wp-block-column-is-layout-flow\">\n<p><strong>BIRGIT<\/strong><\/p>\n\n\n\n<p>Dabei seit: schon immer! (2009)<br>Signature-Ameland-Essen: alles mit Knoblauch&#8230;<\/p>\n\n\n\n<p>Birgit ist unsere Urkochmutter.&nbsp; Sie ist seit jeher Teil der Ferienfreizeit und macht schon immer alles m\u00f6glich und noch mehr. Sie vergisst sich selbst, wenn es um das Wohl von uns allen geht. Dies zeigt sich nicht nur darin, dass sie den kulinarischen Tellerrand ein ums andere Mal \u00fcberschreitet, sondern auch in der Programmplanung jede unserer Ideen unterst\u00fctzt und ausschm\u00fcckt. F\u00fcr Birgit ist einfach nichts zu viel Arbeit. Auch deshalb w\u00fcrde sie am liebsten f\u00fcnf Mal pro Tag eine warme Mahlzeit f\u00fcr uns kochen. Wenn es nach Jonah ginge, w\u00e4re das \u00fcbrigens f\u00fcnf Mal pro Tag Schneewei\u00dfchen und Rosenrot.&nbsp;<\/p>\n\n\n\n<p>Birgit ist eine kulinarische K\u00fcnstlerin mit einem leichten Hang zum Knoblauch. Das in Verbindung zu ihrer Vorliebe f\u00fcr Streiche ist eine Kombination, die so manchen Leiter bereits zu einer mitt\u00e4glichen Zahnreinigung gezwungen hat, weil er einen Erdbeerjoghurt mit ganz speziellem Gru\u00df aus der K\u00fcche gegessen hat.<\/p>\n\n\n\n<p>Birgit ist sowohl Chefin der Ameland-Au\u00dfenstelle \u201cIm Winkel\u201d, sondern auch sch\u00e4rfste Kritikerin ihres Lieblingsplatzes auf der Insel. Das Van Heeckeren in Nes. Laut Ulla ist Birgit dort in jeder freien Stunde zu finden, auch wenn es davon an den meisten Tagen nicht allzu viele gibt. Wir sind froh, dass unser Herz der Gruppe immer f\u00fcr uns da ist.&nbsp;<\/p>\n<\/div>\n<\/div>\n\n\n\n<div class=\"wp-block-columns is-layout-flex wp-container-core-columns-is-layout-9d6595d7 wp-block-columns-is-layout-flex\">\n<div class=\"wp-block-column is-layout-flow wp-block-column-is-layout-flow\">\n<p><strong>ULLA<\/strong><\/p>\n\n\n\n<p>Dabei seit: 2017<br>Signature-Ameland-Essen: Waffeln<\/p>\n\n\n\n<p>Uh La La La ist das Oberhaupt des Bechheim-Clans, der das Leiterteam langsam aber sicher unterwandert, seitdem mit Paula und Klara beide ihrer T\u00f6chter im Team sind. Ulla schwingt den Kochl\u00f6ffel seit 2017 und verb\u00fcndet sich gerne mit Birgit, um leckere Kreationen oder fiese Sp\u00e4\u00dfe auszuhecken. In der Regel ist Ulla besonnen und ruhig, es sei denn die Geheimnisse ihrer T\u00f6chter finden den Weg ins&nbsp;<em>Arendsnest<\/em>\u2026 Au\u00dferdem sorgt sie f\u00fcr Ordnung in Birgits kreativem K\u00fcchenchaos, was bedeutet, dass sie sich sehr, sehr viel dort aufhalten muss und nur noch wenig Zeit f\u00fcr ihren Zweitwohnsitz auf der Terrasse des&nbsp;<em>Van Heeckeren<\/em>&nbsp;hat. Ullas Markenzeichen ist ihre Kochsch\u00fcrze, damit ist sie allzeit bereit, um uns alle zu versorgen. Egal ob es ums Essen geht oder sie ihre N\u00e4hk\u00fcnste an Kuscheltieren zum Besten geben muss.&nbsp;<\/p>\n\n\n\n<p>Wenn ein leckerer Duft frisch gebackener Waffeln durch das Lager zieht, dann wei\u00df jeder: Ulla ist wieder am Werk. Unsere U-lalala nutzt liebend gerne die Sonne aus, baut sich ihr Pl\u00e4tzchen auf der Terrasse mit Blick auf unser laufendes Programm auf und backt parallel die leckersten Waffeln, die Ameland je gesehen hat!<\/p>\n<\/div>\n\n\n\n<div class=\"wp-block-column is-layout-flow wp-block-column-is-layout-flow\">\n<figure class=\"wp-block-image size-large\"><img loading=\"lazy\" decoding=\"async\" width=\"768\" height=\"1024\" src=\"https:\/\/www.vonameland.de\/wp-content\/uploads\/2024\/03\/IMG_6986-768x1024.jpg\" alt=\"\" class=\"wp-image-11661\" srcset=\"https:\/\/www.vonameland.de\/wp-content\/uploads\/2024\/03\/IMG_6986-768x1024.jpg 768w, https:\/\/www.vonameland.de\/wp-content\/uploads\/2024\/03\/IMG_6986-225x300.jpg 225w, https:\/\/www.vonameland.de\/wp-content\/uploads\/2024\/03\/IMG_6986-570x760.jpg 570w, https:\/\/www.vonameland.de\/wp-content\/uploads\/2024\/03\/IMG_6986.jpg 900w\" sizes=\"auto, (max-width: 768px) 100vw, 768px\" \/><\/figure>\n<\/div>\n<\/div>\n\n\n\n<div class=\"wp-block-columns is-layout-flex wp-container-core-columns-is-layout-9d6595d7 wp-block-columns-is-layout-flex\">\n<div class=\"wp-block-column is-layout-flow wp-block-column-is-layout-flow\">\n<figure class=\"wp-block-image size-large\"><img loading=\"lazy\" decoding=\"async\" width=\"768\" height=\"1024\" src=\"https:\/\/www.vonameland.de\/wp-content\/uploads\/2024\/03\/IMG_7005-768x1024.jpg\" alt=\"\" class=\"wp-image-11662\" srcset=\"https:\/\/www.vonameland.de\/wp-content\/uploads\/2024\/03\/IMG_7005-768x1024.jpg 768w, https:\/\/www.vonameland.de\/wp-content\/uploads\/2024\/03\/IMG_7005-225x300.jpg 225w, https:\/\/www.vonameland.de\/wp-content\/uploads\/2024\/03\/IMG_7005-570x760.jpg 570w, https:\/\/www.vonameland.de\/wp-content\/uploads\/2024\/03\/IMG_7005.jpg 900w\" sizes=\"auto, (max-width: 768px) 100vw, 768px\" \/><\/figure>\n<\/div>\n\n\n\n<div class=\"wp-block-column is-layout-flow wp-block-column-is-layout-flow\">\n<p><strong>SIMON<\/strong><\/p>\n\n\n\n<p>Dabei seit: 2014 als Kind, seit 2022 im Team Orange<br>Signature-Ameland-Essen: Kr\u00e4uter-Faltbrot<\/p>\n\n\n\n<p>Simon hat sich 2022 f\u00fcr den Karriereweg K\u00fcche beworben. By the way: Das war die erste und bisher einzige Bewerbung, die jemals von einem ehemaligen Teilnehmenden f\u00fcr das K\u00fcchenteam eingereicht wurde. Simon konnte bei den K\u00fcchenfeen mit einer 6-j\u00e4hrigen Erfahrung als Kind Eindruck schinden. In dieser Zeit hat er sich durch seinen Einsatz als Wasserbombenkrieg-Verteidigungsminister und Blubberblasenbeauftragter in die engere Auswahl katapultiert. Es wurde deutlich, dass er vor Ideen und Worten nur so sprudelt, was frischen Wind in die sowieso schon agile K\u00fcchencrew bringen k\u00f6nnte. Nach langem Hin und Her \u00dcberlegen und Abw\u00e4gen der verschiedenen Vorz\u00fcge der unterschiedlichsten Bewerber war es wohl Simons fotogenes Aussehen, was der entscheidende Punkt war seine Bewerbung anzunehmen. Schlie\u00dflich hat der Mann zwei Augenfarben und f\u00fcllt mit seiner Haarpracht den Piratenhut als einziger vollst\u00e4ndig aus. Seitdem sein j\u00fcngerer, aber gr\u00f6\u00dferer Bruder Juli im Team Orange mitf\u00e4hrt, wird Simons K\u00f6rpergr\u00f6\u00dfe \u00f6fter thematisiert als in den Jahren zuvor. Aber auch Simon genie\u00dft den \u201eDie K\u00fcche ist heilig\u201c-Schutz und d\u00fcrfte deswegen eigentlich gar nicht so h\u00e4ufig ge\u00e4rgert werden&#8230;<\/p>\n<\/div>\n<\/div>\n\n\n\n<div class=\"wp-block-columns is-layout-flex wp-container-core-columns-is-layout-9d6595d7 wp-block-columns-is-layout-flex\">\n<div class=\"wp-block-column is-layout-flow wp-block-column-is-layout-flow\">\n<p><strong>ANJA<\/strong><\/p>\n\n\n\n<p>Dabei seit: 2024<br>Signature-Ameland-Essen: Fleischsalat \/ Kartoffelsalat<\/p>\n\n\n\n<p>Anja ist das neueste Mitglied der K\u00fcchenfeen &amp; Cookiemonster. Sie macht nun das Quartett des Krutmann-Clans voll und damit dem Bechheim-Clan Konkurrenz. Als geb\u00fcrtige Werlerin hat sie ihre Krutmann-Jungs Andr\u00e9 und Jonah \u00fcber die Kreisgrenze hinaus zu unserer Ferienfreizeit gebracht und der Rest ist Geschichte\u2026 Wenn man l\u00e4nger dr\u00fcber nachdenkt, dann hat sie sich also irgendwie durch einen raffinierten 10-Jahres-Plan selbst in die K\u00fcche beordert. Respekt daf\u00fcr! Nach vielen langweiligen Sommern ohne ihre S\u00f6hne und ihrem Ameland-Entzug, unterst\u00fctzt sie uns seit letztem Jahr auf der Lieblingsinsel. Dabei ist sie oft die neutrale Position und steht zwischen Ulla und Birgit als Knoblauch-Horror-Duo und dem Rest des Teams Orange. Dabei l\u00e4sst sie sogar Maria, die ja auch Anjas Sohn ist (zumindest nach Marias eigener Aussage), au\u00dfen vor. So viel zum Thema neutral&#8230;<\/p>\n<\/div>\n\n\n\n<div class=\"wp-block-column is-layout-flow wp-block-column-is-layout-flow\">\n<figure class=\"wp-block-image size-large\"><img loading=\"lazy\" decoding=\"async\" width=\"768\" height=\"1024\" src=\"https:\/\/www.vonameland.de\/wp-content\/uploads\/2024\/03\/IMG_6993-768x1024.jpg\" alt=\"\" class=\"wp-image-11669\" srcset=\"https:\/\/www.vonameland.de\/wp-content\/uploads\/2024\/03\/IMG_6993-768x1024.jpg 768w, https:\/\/www.vonameland.de\/wp-content\/uploads\/2024\/03\/IMG_6993-225x300.jpg 225w, https:\/\/www.vonameland.de\/wp-content\/uploads\/2024\/03\/IMG_6993-570x760.jpg 570w, https:\/\/www.vonameland.de\/wp-content\/uploads\/2024\/03\/IMG_6993.jpg 900w\" sizes=\"auto, (max-width: 768px) 100vw, 768px\" \/><\/figure>\n<\/div>\n<\/div>\n\n\n\n<h2 class=\"wp-block-heading\">Orangen im Hintergrund<\/h2>\n\n\n\n<p>Nicht jedes Jahr klappt es, dass alle aus dem Team Orange im Sommer mit auf der Insel sein k\u00f6nnen, da wichtige Pr\u00fcfungen oder der Abschluss bevorsteht! Trotzdem wirken sie aktiv mit und unterst\u00fctzen uns: <\/p>\n\n\n\n<div class=\"wp-block-media-text is-stacked-on-mobile\"><figure class=\"wp-block-media-text__media\"><img loading=\"lazy\" decoding=\"async\" width=\"768\" height=\"1024\" src=\"https:\/\/www.vonameland.de\/wp-content\/uploads\/2024\/03\/IMG_7012-768x1024.jpg\" alt=\"\" class=\"wp-image-11654 size-full\" srcset=\"https:\/\/www.vonameland.de\/wp-content\/uploads\/2024\/03\/IMG_7012-768x1024.jpg 768w, https:\/\/www.vonameland.de\/wp-content\/uploads\/2024\/03\/IMG_7012-225x300.jpg 225w, https:\/\/www.vonameland.de\/wp-content\/uploads\/2024\/03\/IMG_7012-570x760.jpg 570w, https:\/\/www.vonameland.de\/wp-content\/uploads\/2024\/03\/IMG_7012.jpg 900w\" sizes=\"auto, (max-width: 768px) 100vw, 768px\" \/><\/figure><div class=\"wp-block-media-text__content\">\n<p><strong>KLARA<\/strong><\/p>\n\n\n\n<p>Alter: 22<br>Dabei seit: 2013-2019 als Kind, seit 2020 als Leiterin<br>Superkraft: Tollpatschigkeit<\/p>\n\n\n\n<p>K-Lara musste, wie Jule und Benita, sehr lange auf ihr erstes Ameland-Jahr warten, konnte uns aber auch in diesen Jahren schon von ihrer unterhaltsamen Art \u00fcberzeugen. Klara ist bekannt f\u00fcr ihre verr\u00fcckten Erlebnisse, deswegen kann sie auch zu jedem erdenklichen Gespr\u00e4chsthema eine Geschichte zum Besten geben. Das tut sie in ihrer nat\u00fcrlichen fesselnden Art, die so manche Geschichte noch wesentlich besser macht. W\u00e4hrend der Freizeit ist Klara in der Regel bei den Kindern auf der Sonnenterrasse anzutreffen. Die Sonne kann ihr jedoch nichts anhaben, da sie gef\u00fchlt zu 50% den Piratenhut tragen darf. Die restlichen 50% \u00fcbernehmen das die restlichen Bechheims. Klaras gr\u00f6\u00dftes Talent ist aber wohl die St\u00e4rke, die sie entwickelt, wenn sie in einen Wettstreit mit Finn geht. Er wird sich von den zahllosen Niederlagen wohl nie so ganz erholen.<\/p>\n<\/div><\/div>\n\n\n\n<div class=\"wp-block-media-text has-media-on-the-right is-stacked-on-mobile\"><div class=\"wp-block-media-text__content\">\n<p><strong>JULE<\/strong><\/p>\n\n\n\n<p>Alter: 21<br>Dabei seit: 2012-2018 als Kind, seit 2020 als Leiterin<br>Superkraft: Ruhe und Besonnenheit<\/p>\n\n\n\n<p>Unsere Jule hat lange auf ihr erstes Leiterjahr warten m\u00fcssen \u2013 dank Pandemie\u2026 Aber passend dazu hat sie sich in unser aller K\u00f6pfe eingebrannt, als es um die Freiheit nach Corona ging. Keiner von uns wird vergessen, wie sie durch das Spalier aus Kindern am Strand rannte und in Freiheit begr\u00fc\u00dft wurde, nachdem ihr Test endlich wieder negativ war. Menschen-Jule hat es ab und an nicht ganz so leicht. Ihr Namenszwilling wird dies mit einem kr\u00e4ftigen Wuff-Wuff unterst\u00fctzen.<\/p>\n\n\n\n<p>Jule erwischt man eigentlich nie ohne Kamera in der Hand, weshalb Krutti oft einen gro\u00dfz\u00fcgigen Sicherheitsabstand von ihr h\u00e4lt.<\/p>\n\n\n\n<p>Chaos im Lager? Daf\u00fcr kann nur Jule verantwortlich sein, wenn es f\u00fcr die Gruppen im ber\u00fchmten Chaos-Spiel hei\u00dft: Findet die versteckten Zahlen, die \u00dcBERALL im Lager verteilt sind.Fun Fact: Obwohl Jule die j\u00fcngere Schwester von Felix ist, f\u00e4hrt sie schon l\u00e4nger bei der Ferienfreizeit mit als ihr Bruder.<\/p>\n<\/div><figure class=\"wp-block-media-text__media\"><img loading=\"lazy\" decoding=\"async\" width=\"768\" height=\"1024\" src=\"https:\/\/www.vonameland.de\/wp-content\/uploads\/2024\/03\/IMG_7022-768x1024.jpg\" alt=\"\" class=\"wp-image-11650 size-full\" srcset=\"https:\/\/www.vonameland.de\/wp-content\/uploads\/2024\/03\/IMG_7022-768x1024.jpg 768w, https:\/\/www.vonameland.de\/wp-content\/uploads\/2024\/03\/IMG_7022-225x300.jpg 225w, https:\/\/www.vonameland.de\/wp-content\/uploads\/2024\/03\/IMG_7022-570x760.jpg 570w, https:\/\/www.vonameland.de\/wp-content\/uploads\/2024\/03\/IMG_7022.jpg 900w\" sizes=\"auto, (max-width: 768px) 100vw, 768px\" \/><\/figure><\/div>\n\n\n\n<div class=\"wp-block-media-text is-stacked-on-mobile\"><figure class=\"wp-block-media-text__media\"><\/figure><div class=\"wp-block-media-text__content\">\n<p><strong>BENITA<\/strong><\/p>\n\n\n\n<p>Alter:<br>Dabei seit: , seit 2020 als Leiterin<br>Superkraft: Wundert\u00fcte (voll Chips)<\/p>\n\n\n\n<p>Benis Verwandtschaft mit Kim l\u00e4sst sich daran erkennen, dass auch auf sie der gleiche Ausdruck wie auf ihre Cousine zutrifft: Klein, aber oho!<\/p>\n\n\n\n<p>Auch Beni musste lange warten, nachdem sie unseren Schulungskatalog durchgearbeitet hatte, um endlich im orangen T-Shirt mit uns nach Ameland zu fahren. Eines hat sich w\u00e4hrend der Pandemie und auch durch die T-Shirt-Farbe an Beni nicht ver\u00e4ndert: Sie ist nicht ohne eine T\u00fcte Chips im Arm anzutreffen. Auch sonst scheint Beni eine Wundert\u00fcte zu sein: Sie quillt \u00fcber vor guten Ideen, ist f\u00fcr jede verr\u00fcckte Aktion zu haben und immer f\u00fcr jeden da. Sollte Beni mal einen Durchh\u00e4nger haben, ist sie nach einer kleinen Pause jedoch schnell wieder fit \u2013 und hat damit schon den einen oder die andere aus dem Team \u00fcberrascht, als sie dann wieder bereit stand. Mit ihrer authentischen Art und ihrem Durchsetzungsverm\u00f6gen konnte Beni schon so manchen Streit stoppen und mit ihren kreativen Ideen die entstandenen Probleme l\u00f6sen.W\u00e4hrend der Freizeit ist Beni an Lukis Kiosk eher nicht anzutreffen: sein Sortiment an Pringles kann Benis Geschmacksnerven nicht befriedigen. Daf\u00fcr m\u00fcssen dann die Regale in den \u00f6rtlichen Superm\u00e4rkten herhalten.<\/p>\n<\/div><\/div>\n\n\n\n<div class=\"wp-block-media-text has-media-on-the-right is-stacked-on-mobile\"><div class=\"wp-block-media-text__content\">\n<p><strong>KATHI<\/strong><\/p>\n\n\n\n<p>Alter: 27<br>Dabei seit: 2011-2013 als Kind, seit 2014 als Leiterin, seit 2022 im Backoffice<br>Superkraft: Sponsoren akquirieren<\/p>\n\n\n\n<p>Kathi ist unsere Weltenbummlerin. Wir wissen nicht, wo sie noch nicht im Urlaub war oder zeitweise gelebt hat! Ob Ameland mit Seoul mithalten kann? <\/p>\n\n\n\n<p>Das Team Orange konnte sie jedenfalls nie ganz aufgeben und wir freuen uns dar\u00fcber. Seitdem unterst\u00fctzt sie uns flei\u00dfig im Hintergrund und k\u00fcmmert sich mit Paula um Sponsorenakquise und -betreuung!<br>Ohne dich k\u00f6nnten wir uns das ein oder andere Extra nicht leisten oder die Teilnehmendenbeitr\u00e4ge halten. <\/p>\n\n\n\n<p>Danke!<\/p>\n<\/div><figure class=\"wp-block-media-text__media\"><img loading=\"lazy\" decoding=\"async\" width=\"768\" height=\"1024\" src=\"https:\/\/www.vonameland.de\/wp-content\/uploads\/2025\/06\/WhatsApp-Image-2025-06-25-at-22.25.04-768x1024.jpeg\" alt=\"\" class=\"wp-image-12357 size-full\" srcset=\"https:\/\/www.vonameland.de\/wp-content\/uploads\/2025\/06\/WhatsApp-Image-2025-06-25-at-22.25.04-768x1024.jpeg 768w, https:\/\/www.vonameland.de\/wp-content\/uploads\/2025\/06\/WhatsApp-Image-2025-06-25-at-22.25.04-225x300.jpeg 225w, https:\/\/www.vonameland.de\/wp-content\/uploads\/2025\/06\/WhatsApp-Image-2025-06-25-at-22.25.04-570x760.jpeg 570w, https:\/\/www.vonameland.de\/wp-content\/uploads\/2025\/06\/WhatsApp-Image-2025-06-25-at-22.25.04.jpeg 900w\" sizes=\"auto, (max-width: 768px) 100vw, 768px\" \/><\/figure><\/div>\n","protected":false},"excerpt":{"rendered":"<p>Auf dieser Seite m\u00f6chten wir euch unser Team f\u00fcr den Sommer 2025 vorstellen. Wir sind \u00fcber viele Jahre und mittlerweile sogar Jahrzehnte zusammengewachsen und werden Jahr f\u00fcr Jahr gr\u00f6\u00dfer und vielf\u00e4ltiger. Wir sind stolz darauf, dass wir so viele ehemalige Teilnehmer:innen und so viele langj\u00e4hrig aktive Leiter:innen in unseren Reihen haben. Wir stecken nicht nur [&hellip;]<\/p>\n","protected":false},"author":4,"featured_media":0,"parent":10021,"menu_order":0,"comment_status":"closed","ping_status":"closed","template":"","meta":{"ngg_post_thumbnail":0,"footnotes":""},"class_list":["post-10974","page","type-page","status-publish","czr-hentry"],"_links":{"self":[{"href":"https:\/\/www.vonameland.de\/index.php\/wp-json\/wp\/v2\/pages\/10974","targetHints":{"allow":["GET"]}}],"collection":[{"href":"https:\/\/www.vonameland.de\/index.php\/wp-json\/wp\/v2\/pages"}],"about":[{"href":"https:\/\/www.vonameland.de\/index.php\/wp-json\/wp\/v2\/types\/page"}],"author":[{"embeddable":true,"href":"https:\/\/www.vonameland.de\/index.php\/wp-json\/wp\/v2\/users\/4"}],"replies":[{"embeddable":true,"href":"https:\/\/www.vonameland.de\/index.php\/wp-json\/wp\/v2\/comments?post=10974"}],"version-history":[{"count":47,"href":"https:\/\/www.vonameland.de\/index.php\/wp-json\/wp\/v2\/pages\/10974\/revisions"}],"predecessor-version":[{"id":12362,"href":"https:\/\/www.vonameland.de\/index.php\/wp-json\/wp\/v2\/pages\/10974\/revisions\/12362"}],"up":[{"embeddable":true,"href":"https:\/\/www.vonameland.de\/index.php\/wp-json\/wp\/v2\/pages\/10021"}],"wp:attachment":[{"href":"https:\/\/www.vonameland.de\/index.php\/wp-json\/wp\/v2\/media?parent=10974"}],"curies":[{"name":"wp","href":"https:\/\/api.w.org\/{rel}","templated":true}]}}